{"id":1568,"date":"2021-10-17T20:42:37","date_gmt":"2021-10-17T20:42:37","guid":{"rendered":"https:\/\/gossossantmarti.org\/quienes-somos"},"modified":"2024-10-17T20:59:41","modified_gmt":"2024-10-17T20:59:41","slug":"quienes-somos","status":"publish","type":"page","link":"https:\/\/gossossantmarti.org\/es\/quienes-somos","title":{"rendered":"Qui\u00e9nes somos"},"content":{"rendered":"<p>[et_pb_section fb_built=\u00bb1&#8243; _builder_version=\u00bb4.16&#8243; _module_preset=\u00bbdefault\u00bb background_image=\u00bbhttps:\/\/gossossantmarti.org\/wp-content\/uploads\/2021\/10\/dog-walker-10-3-1.png\u00bb parallax=\u00bbon\u00bb global_colors_info=\u00bb{}\u00bb][et_pb_row _builder_version=\u00bb4.16&#8243; _module_preset=\u00bbdefault\u00bb global_colors_info=\u00bb{}\u00bb][et_pb_column type=\u00bb4_4&#8243; _builder_version=\u00bb4.16&#8243; _module_preset=\u00bbdefault\u00bb global_colors_info=\u00bb{}\u00bb][et_pb_text _builder_version=\u00bb4.16&#8243; _module_preset=\u00bbdefault\u00bb header_font=\u00bbAmatic SC||||||||\u00bb header_font_size=\u00bb60px\u00bb header_2_font=\u00bbAmatic SC|700||on|||||\u00bb header_2_text_align=\u00bbcenter\u00bb header_2_font_size=\u00bb130px\u00bb header_2_font_size_tablet=\u00bb\u00bb header_2_font_size_phone=\u00bb60px\u00bb header_2_font_size_last_edited=\u00bbon|phone\u00bb global_colors_info=\u00bb{}\u00bb]<\/p>\n<h2>\u00bfQui\u00e9nes somos?<\/h2>\n<p>[\/et_pb_text][et_pb_text _builder_version=\u00bb4.16&#8243; _module_preset=\u00bbdefault\u00bb text_font=\u00bb||||||||\u00bb text_text_color=\u00bb#474747&#8243; text_font_size=\u00bb20px\u00bb text_line_height=\u00bb1.8em\u00bb background_enable_color=\u00bboff\u00bb text_orientation=\u00bbcenter\u00bb custom_padding=\u00bb25px|25px|25px|25px|true|true\u00bb custom_padding_tablet=\u00bb\u00bb custom_padding_phone=\u00bb0px|0px|0px|0px|true|true\u00bb custom_padding_last_edited=\u00bbon|phone\u00bb text_font_size_tablet=\u00bb\u00bb text_font_size_phone=\u00bb16px\u00bb text_font_size_last_edited=\u00bbon|phone\u00bb border_radii=\u00bbon|20px|20px|20px|20px\u00bb global_colors_info=\u00bb{}\u00bb]<\/p>\n<p style=\"text-align: justify;\">Somos una entidad sin \u00e1nimo de lucro, vecinos de barrio Sant Mart\u00ed de Proven\u00e7als. Un grupo de personas que compartimos el mismo cari\u00f1o y empat\u00eda por los animales, activos desde 2016 y trabajamos colaborando mutuamente con diferentes organizaciones de barrio y la ciudad. <\/p>\n<p>[\/et_pb_text][et_pb_gallery gallery_ids=\u00bb214,215,216,217,218,219,220,221,222,223,349,350&#8243; gallery_orderby=\u00bbrand\u00bb posts_number=\u00bb12&#8243; orientation=\u00bbportrait\u00bb show_title_and_caption=\u00bboff\u00bb show_pagination=\u00bboff\u00bb zoom_icon_color=\u00bbRGBA(0,0,0,0)\u00bb hover_overlay_color=\u00bbrgba(0,0,0,0.5)\u00bb _builder_version=\u00bb4.16&#8243; _module_preset=\u00bbdefault\u00bb custom_padding=\u00bb25px||25px||false|false\u00bb border_radii=\u00bbon|20px|20px|20px|20px\u00bb global_colors_info=\u00bb{}\u00bb][\/et_pb_gallery][\/et_pb_column][\/et_pb_row][\/et_pb_section][et_pb_section fb_built=\u00bb1&#8243; prev_background_color=\u00bb#ffffff\u00bb disabled_on=\u00bbon|off|off\u00bb _builder_version=\u00bb4.16&#8243; _module_preset=\u00bbdefault\u00bb background_color=\u00bbrgba(255,136,0,0.1)\u00bb background_enable_image=\u00bboff\u00bb background_blend=\u00bbcolor\u00bb top_divider_style=\u00bbmountains2&#8243; global_colors_info=\u00bb{}\u00bb][et_pb_row column_structure=\u00bb1_2,1_2&#8243; make_equal=\u00bbon\u00bb _builder_version=\u00bb4.16&#8243; _module_preset=\u00bbdefault\u00bb custom_padding=\u00bb100px||100px||true|false\u00bb global_colors_info=\u00bb{}\u00bb][et_pb_column type=\u00bb1_2&#8243; module_class=\u00bbds-vertical-align\u00bb _builder_version=\u00bb4.16&#8243; _module_preset=\u00bbdefault\u00bb global_colors_info=\u00bb{}\u00bb][et_pb_text _builder_version=\u00bb4.16&#8243; _module_preset=\u00bbdefault\u00bb header_2_font=\u00bbAbel|||on|||||\u00bb header_2_text_color=\u00bb#3a3a3a\u00bb header_2_font_size=\u00bb40px\u00bb global_colors_info=\u00bb{}\u00bb]<\/p>\n<h2 style=\"text-align: center;\">Los inicios<\/h2>\n<p>[\/et_pb_text][et_pb_text _builder_version=\u00bb4.27.2&#8243; _module_preset=\u00bbdefault\u00bb text_text_color=\u00bb#000000&#8243; text_line_height=\u00bb1.8em\u00bb background_color=\u00bb#FFFFFF\u00bb custom_padding=\u00bb25px|25px|25px|25px|true|true\u00bb hover_enabled=\u00bb0&#8243; text_font_size_tablet=\u00bb\u00bb text_font_size_phone=\u00bb14px\u00bb text_font_size_last_edited=\u00bbon|phone\u00bb border_radii=\u00bbon|20px|20px|20px|20px\u00bb box_shadow_style=\u00bbpreset3&#8243; global_colors_info=\u00bb{}\u00bb text_font_size=\u00bb18px\u00bb sticky_enabled=\u00bb0&#8243;]<\/p>\n<p style=\"text-align: justify;\">En nuestros inicios empezamos con el grupo \u00abPatrulla Canina\u00bb, y se llev\u00f3 a cabo diversas actividades sobre todo en el \u00e1mbito l\u00fadico. Poco a poco nos fuimos organizando gracias al apoyo de nuestra asociaci\u00f3n de vecinos Sant Mart\u00ed de Proven\u00e7als (a la que pertenecemos). <\/p>\n<p>[\/et_pb_text][\/et_pb_column][et_pb_column type=\u00bb1_2&#8243; module_class=\u00bbds-vertical-align\u00bb _builder_version=\u00bb4.16&#8243; _module_preset=\u00bbdefault\u00bb global_colors_info=\u00bb{}\u00bb][et_pb_image src=\u00bbhttps:\/\/gossossantmarti.org\/wp-content\/uploads\/2021\/10\/Foto1.jpg\u00bb title_text=\u00bbFotoPatrullaCanina\u00bb _builder_version=\u00bb4.16&#8243; _module_preset=\u00bbdefault\u00bb background_enable_color=\u00bboff\u00bb border_radii=\u00bbon|20px|20px|20px|20px\u00bb border_color_all=\u00bb#FFFFFF\u00bb global_colors_info=\u00bb{}\u00bb][\/et_pb_image][\/et_pb_column][\/et_pb_row][et_pb_row column_structure=\u00bb1_2,1_2&#8243; make_equal=\u00bbon\u00bb _builder_version=\u00bb4.16&#8243; _module_preset=\u00bbdefault\u00bb custom_padding=\u00bb100px||100px||true|false\u00bb global_colors_info=\u00bb{}\u00bb][et_pb_column type=\u00bb1_2&#8243; module_class=\u00bbds-vertical-align\u00bb _builder_version=\u00bb4.16&#8243; _module_preset=\u00bbdefault\u00bb global_colors_info=\u00bb{}\u00bb][et_pb_image src=\u00bbhttps:\/\/gossossantmarti.org\/wp-content\/uploads\/2021\/10\/gente_esbarjo.jpeg\u00bb title_text=\u00bbgente_esbarjo\u00bb _builder_version=\u00bb4.16&#8243; _module_preset=\u00bbdefault\u00bb background_enable_color=\u00bboff\u00bb border_radii=\u00bbon|20px|20px|20px|20px\u00bb border_color_all=\u00bb#FFFFFF\u00bb global_colors_info=\u00bb{}\u00bb][\/et_pb_image][\/et_pb_column][et_pb_column type=\u00bb1_2&#8243; module_class=\u00bbds-vertical-align\u00bb _builder_version=\u00bb4.16&#8243; _module_preset=\u00bbdefault\u00bb global_colors_info=\u00bb{}\u00bb][et_pb_text _builder_version=\u00bb4.16&#8243; _module_preset=\u00bbdefault\u00bb header_2_font=\u00bbAbel|||on|||||\u00bb header_2_text_color=\u00bb#3a3a3a\u00bb header_2_font_size=\u00bb40px\u00bb global_colors_info=\u00bb{}\u00bb]<\/p>\n<h2 style=\"text-align: center;\">las primeras actividades<\/h2>\n<p>[\/et_pb_text][et_pb_text _builder_version=\u00bb4.27.2&#8243; _module_preset=\u00bbdefault\u00bb text_text_color=\u00bb#000000&#8243; text_font_size=\u00bb18px\u00bb text_line_height=\u00bb1.8em\u00bb background_color=\u00bb#FFFFFF\u00bb custom_padding=\u00bb25px|25px|25px|25px|true|true\u00bb hover_enabled=\u00bb0&#8243; text_font_size_tablet=\u00bb\u00bb text_font_size_phone=\u00bb14px\u00bb text_font_size_last_edited=\u00bbon|phone\u00bb border_radii=\u00bbon|20px|20px|20px|20px\u00bb box_shadow_style=\u00bbpreset3&#8243; global_colors_info=\u00bb{}\u00bb sticky_enabled=\u00bb0&#8243;]<\/p>\n<p style=\"text-align: justify;\">Empezamos tambi\u00e9n a combinar actividades muy importantes en nuestro barrio, como es promover una buena convivencia entre los animales y la ciudadan\u00eda, realizando talleres y charlas educativas para los propietarios de animales. Y cuidamos nuestro parque de Sant Mart\u00ed y nuestra \u00e1rea de Recreo que es muy concurrida, manteniendo una comunicaci\u00f3n constante con el ayuntamiento. <\/p>\n<p>[\/et_pb_text][\/et_pb_column][\/et_pb_row][\/et_pb_section][et_pb_section fb_built=\u00bb1&#8243; disabled_on=\u00bboff|on|on\u00bb _builder_version=\u00bb4.16&#8243; _module_preset=\u00bbdefault\u00bb background_color=\u00bbrgba(255,136,0,0.1)\u00bb background_enable_image=\u00bboff\u00bb background_blend=\u00bbcolor\u00bb top_divider_style=\u00bbmountains2&#8243; top_divider_color=\u00bb#FFFFFF\u00bb global_colors_info=\u00bb{}\u00bb][et_pb_row make_equal=\u00bbon\u00bb _builder_version=\u00bb4.16&#8243; _module_preset=\u00bbdefault\u00bb custom_padding=\u00bb100px||100px||true|false\u00bb global_colors_info=\u00bb{}\u00bb][et_pb_column type=\u00bb4_4&#8243; module_class=\u00bbds-vertical-align\u00bb _builder_version=\u00bb4.16&#8243; _module_preset=\u00bbdefault\u00bb global_colors_info=\u00bb{}\u00bb][et_pb_text _builder_version=\u00bb4.16&#8243; _module_preset=\u00bbdefault\u00bb header_2_font=\u00bbAbel|||on|||||\u00bb header_2_text_color=\u00bb#3a3a3a\u00bb header_2_font_size=\u00bb40px\u00bb global_colors_info=\u00bb{}\u00bb]<\/p>\n<h2 style=\"text-align: center;\">Los inicios<\/h2>\n<p>[\/et_pb_text][et_pb_text _builder_version=\u00bb4.16&#8243; _module_preset=\u00bbdefault\u00bb text_text_color=\u00bb#000000&#8243; text_line_height=\u00bb1.8em\u00bb background_color=\u00bb#FFFFFF\u00bb custom_padding=\u00bb25px|25px|25px|25px|true|true\u00bb text_font_size_tablet=\u00bb\u00bb text_font_size_phone=\u00bb14px\u00bb text_font_size_last_edited=\u00bbon|phone\u00bb border_radii=\u00bbon|20px|20px|20px|20px\u00bb box_shadow_style=\u00bbpreset3&#8243; global_colors_info=\u00bb{}\u00bb]<\/p>\n<p style=\"text-align: justify;\">En nuestros inicios empezamos con el grupo \u00abPatrulla Canina\u00bb, y se llev\u00f3 a cabo diversas actividades sobre todo en el \u00e1mbito l\u00fadico. Poco a poco nos fuimos organizando gracias al apoyo de nuestra asociaci\u00f3n de vecinos Sant Mart\u00ed de Proven\u00e7als (a la que pertenecemos). <\/p>\n<p>[\/et_pb_text][et_pb_image src=\u00bbhttps:\/\/gossossantmarti.org\/wp-content\/uploads\/2021\/10\/Foto1.jpg\u00bb title_text=\u00bbFotoPatrullaCanina\u00bb _builder_version=\u00bb4.16&#8243; _module_preset=\u00bbdefault\u00bb background_enable_color=\u00bboff\u00bb border_radii=\u00bbon|20px|20px|20px|20px\u00bb border_color_all=\u00bb#FFFFFF\u00bb global_colors_info=\u00bb{}\u00bb][\/et_pb_image][et_pb_text _builder_version=\u00bb4.16&#8243; _module_preset=\u00bbdefault\u00bb header_2_font=\u00bbAbel|||on|||||\u00bb header_2_text_color=\u00bb#3a3a3a\u00bb header_2_font_size=\u00bb40px\u00bb custom_padding=\u00bb100px||||false|false\u00bb global_colors_info=\u00bb{}\u00bb]<\/p>\n<h2 style=\"text-align: center;\">las primeras actividades<\/h2>\n<p>[\/et_pb_text][et_pb_text _builder_version=\u00bb4.16&#8243; _module_preset=\u00bbdefault\u00bb text_text_color=\u00bb#000000&#8243; text_font_size=\u00bb18px\u00bb text_line_height=\u00bb1.8em\u00bb background_color=\u00bb#FFFFFF\u00bb custom_padding=\u00bb25px|25px|25px|25px|true|true\u00bb text_font_size_tablet=\u00bb\u00bb text_font_size_phone=\u00bb14px\u00bb text_font_size_last_edited=\u00bbon|phone\u00bb border_radii=\u00bbon|20px|20px|20px|20px\u00bb box_shadow_style=\u00bbpreset3&#8243; global_colors_info=\u00bb{}\u00bb]<\/p>\n<p style=\"text-align: justify;\">Empezamos tambi\u00e9n a combinar actividades muy importantes en nuestro barrio, como es promover una buena convivencia entre los animales y la ciudadan\u00eda, realizando talleres y charlas educativas para los propietarios de animales. Y cuidamos nuestro parque de Sant Mart\u00ed y nuestra \u00e1rea de Recreo que es muy concurrida, manteniendo una comunicaci\u00f3n constante con el ayuntamiento. <\/p>\n<p>[\/et_pb_text][et_pb_image src=\u00bbhttps:\/\/gossossantmarti.org\/wp-content\/uploads\/2021\/10\/gente_esbarjo.jpeg\u00bb title_text=\u00bbgente_esbarjo\u00bb _builder_version=\u00bb4.16&#8243; _module_preset=\u00bbdefault\u00bb background_enable_color=\u00bboff\u00bb border_radii=\u00bbon|20px|20px|20px|20px\u00bb border_color_all=\u00bb#FFFFFF\u00bb global_colors_info=\u00bb{}\u00bb][\/et_pb_image][\/et_pb_column][\/et_pb_row][\/et_pb_section][et_pb_section fb_built=\u00bb1&#8243; disabled_on=\u00bbon|off|off\u00bb _builder_version=\u00bb4.16&#8243; _module_preset=\u00bbdefault\u00bb background_image=\u00bbhttps:\/\/gossossantmarti.org\/wp-content\/uploads\/2021\/10\/dog-walker-10-3-1.png\u00bb parallax=\u00bbon\u00bb global_colors_info=\u00bb{}\u00bb][et_pb_row column_structure=\u00bb1_3,2_3&#8243; make_equal=\u00bbon\u00bb _builder_version=\u00bb4.16&#8243; _module_preset=\u00bbdefault\u00bb global_colors_info=\u00bb{}\u00bb][et_pb_column type=\u00bb1_3&#8243; module_class=\u00bbds-vertical-align\u00bb _builder_version=\u00bb4.16&#8243; _module_preset=\u00bbdefault\u00bb global_colors_info=\u00bb{}\u00bb][et_pb_image src=\u00bbhttps:\/\/gossossantmarti.org\/wp-content\/uploads\/2021\/10\/foto_vision.jpeg\u00bb title_text=\u00bbfoto_vision\u00bb _builder_version=\u00bb4.16&#8243; _module_preset=\u00bbdefault\u00bb animation_style=\u00bbfade\u00bb border_radii=\u00bbon|20px|20px|20px|20px\u00bb global_colors_info=\u00bb{}\u00bb][\/et_pb_image][\/et_pb_column][et_pb_column type=\u00bb2_3&#8243; module_class=\u00bbds-vertical-align\u00bb _builder_version=\u00bb4.16&#8243; _module_preset=\u00bbdefault\u00bb global_colors_info=\u00bb{}\u00bb][et_pb_text _builder_version=\u00bb4.16&#8243; _module_preset=\u00bbdefault\u00bb text_font=\u00bbAbel||||||||\u00bb header_2_font=\u00bbAbel|||on|||||\u00bb header_2_text_align=\u00bbcenter\u00bb header_2_font_size=\u00bb80px\u00bb global_colors_info=\u00bb{}\u00bb]<\/p>\n<h2>Visi\u00f3n<\/h2>\n<p>[\/et_pb_text][et_pb_text _builder_version=\u00bb4.16&#8243; _module_preset=\u00bbdefault\u00bb text_text_color=\u00bb#333333&#8243; text_font_size=\u00bb16px\u00bb text_line_height=\u00bb1.8em\u00bb global_colors_info=\u00bb{}\u00bb]<\/p>\n<p style=\"text-align: center;\">Contribuir a crear un mundo mejor, un mundo libre de maltrato, con tolerancia cero y en el que el abandono sea un delito.<\/p>\n<p>[\/et_pb_text][\/et_pb_column][\/et_pb_row][et_pb_row column_structure=\u00bb2_3,1_3&#8243; make_equal=\u00bbon\u00bb _builder_version=\u00bb4.16&#8243; _module_preset=\u00bbdefault\u00bb global_colors_info=\u00bb{}\u00bb][et_pb_column type=\u00bb2_3&#8243; module_class=\u00bbds-vertical-align\u00bb _builder_version=\u00bb4.16&#8243; _module_preset=\u00bbdefault\u00bb global_colors_info=\u00bb{}\u00bb][et_pb_text _builder_version=\u00bb4.16&#8243; _module_preset=\u00bbdefault\u00bb text_font=\u00bbAbel||||||||\u00bb header_2_font=\u00bbAbel|||on|||||\u00bb header_2_text_align=\u00bbcenter\u00bb header_2_font_size=\u00bb80px\u00bb global_colors_info=\u00bb{}\u00bb]<\/p>\n<h2>Misi\u00f3n<\/h2>\n<p>[\/et_pb_text][et_pb_text _builder_version=\u00bb4.16&#8243; _module_preset=\u00bbdefault\u00bb text_text_color=\u00bb#333333&#8243; text_font_size=\u00bb18px\u00bb text_line_height=\u00bb1.8em\u00bb text_font_size_tablet=\u00bb\u00bb text_font_size_phone=\u00bb16px\u00bb text_font_size_last_edited=\u00bbon|phone\u00bb global_colors_info=\u00bb{}\u00bb]<\/p>\n<p style=\"text-align: justify;\">Promover el respeto, cuidado, protecci\u00f3n y buen trato a nuestros animales.<\/p>\n<p style=\"text-align: justify;\">Fomentar una conciencia de amor y respeto hacia los animales, adem\u00e1s de sensibilizar a la poblaci\u00f3n sobre los derechos de los animales. Promoviendo la tenencia responsable de animales mediante la esterilizaci\u00f3n, vacunaci\u00f3n y adopci\u00f3n de animales. <\/p>\n<p>[\/et_pb_text][\/et_pb_column][et_pb_column type=\u00bb1_3&#8243; module_class=\u00bbds-vertical-align\u00bb _builder_version=\u00bb4.16&#8243; _module_preset=\u00bbdefault\u00bb global_colors_info=\u00bb{}\u00bb][et_pb_image src=\u00bbhttps:\/\/gossossantmarti.org\/wp-content\/uploads\/2021\/10\/foto_mision.jpeg\u00bb title_text=\u00bbfoto_mision\u00bb _builder_version=\u00bb4.16&#8243; _module_preset=\u00bbdefault\u00bb animation_style=\u00bbfade\u00bb border_radii=\u00bbon|20px|20px|20px|20px\u00bb global_colors_info=\u00bb{}\u00bb][\/et_pb_image][\/et_pb_column][\/et_pb_row][et_pb_row column_structure=\u00bb1_3,2_3&#8243; make_equal=\u00bbon\u00bb _builder_version=\u00bb4.16&#8243; _module_preset=\u00bbdefault\u00bb global_colors_info=\u00bb{}\u00bb][et_pb_column type=\u00bb1_3&#8243; module_class=\u00bbds-vertical-align\u00bb _builder_version=\u00bb4.16&#8243; _module_preset=\u00bbdefault\u00bb global_colors_info=\u00bb{}\u00bb][et_pb_image src=\u00bbhttps:\/\/gossossantmarti.org\/wp-content\/uploads\/2021\/10\/foto_mision1.jpg\u00bb title_text=\u00bbfoto_mision1&#8243; _builder_version=\u00bb4.16&#8243; _module_preset=\u00bbdefault\u00bb animation_style=\u00bbfade\u00bb border_radii=\u00bbon|20px|20px|20px|20px\u00bb global_colors_info=\u00bb{}\u00bb][\/et_pb_image][\/et_pb_column][et_pb_column type=\u00bb2_3&#8243; module_class=\u00bbds-vertical-align\u00bb _builder_version=\u00bb4.16&#8243; _module_preset=\u00bbdefault\u00bb global_colors_info=\u00bb{}\u00bb][et_pb_text _builder_version=\u00bb4.16&#8243; _module_preset=\u00bbdefault\u00bb text_font=\u00bbAbel||||||||\u00bb header_2_font=\u00bbAbel|||on|||||\u00bb header_2_text_align=\u00bbcenter\u00bb header_2_font_size=\u00bb80px\u00bb global_colors_info=\u00bb{}\u00bb]<\/p>\n<h2>VALORES<\/h2>\n<p>[\/et_pb_text][et_pb_text _builder_version=\u00bb4.16&#8243; _module_preset=\u00bbdefault\u00bb text_text_color=\u00bb#333333&#8243; text_font_size=\u00bb18px\u00bb text_line_height=\u00bb1.9em\u00bb global_colors_info=\u00bb{}\u00bb]<\/p>\n<p style=\"text-align: justify;\">Fomentamos la participaci\u00f3n de todos los vecinos de barrio (Ciudad) y colectivos que puedan incidir y colaborar con el bienestar de nuestro parque y por supuesto nuestro barrio, y as\u00ed poder desarrollar con eficiencia cualquier actividad que emprendamos.<\/p>\n<p>[\/et_pb_text][\/et_pb_column][\/et_pb_row][et_pb_row column_structure=\u00bb2_3,1_3&#8243; make_equal=\u00bbon\u00bb _builder_version=\u00bb4.16&#8243; _module_preset=\u00bbdefault\u00bb global_colors_info=\u00bb{}\u00bb][et_pb_column type=\u00bb2_3&#8243; module_class=\u00bbds-vertical-align\u00bb _builder_version=\u00bb4.16&#8243; _module_preset=\u00bbdefault\u00bb global_colors_info=\u00bb{}\u00bb][et_pb_text _builder_version=\u00bb4.16&#8243; _module_preset=\u00bbdefault\u00bb text_font=\u00bbAbel||||||||\u00bb header_2_font=\u00bbAbel|||on|||||\u00bb header_2_text_align=\u00bbcenter\u00bb header_2_font_size=\u00bb80px\u00bb global_colors_info=\u00bb{}\u00bb]<\/p>\n<h2>TRANSPARENCIA<\/h2>\n<p>[\/et_pb_text][et_pb_text _builder_version=\u00bb4.16&#8243; _module_preset=\u00bbdefault\u00bb text_text_color=\u00bb#333333&#8243; text_font_size=\u00bb18px\u00bb text_line_height=\u00bb1.8em\u00bb global_colors_info=\u00bb{}\u00bb]<\/p>\n<p>Compartimos p\u00fablicamente los resultados obtenidos de todas nuestras actividades realizadas.<\/p>\n<p>En nuestras redes sociales o en esta misma p\u00e1gina web podr\u00e1s encontrar las actividades que realizamos en nuestro barrio, ya sus integrantes.<\/p>\n<p>[\/et_pb_text][\/et_pb_column][et_pb_column type=\u00bb1_3&#8243; module_class=\u00bbds-vertical-align\u00bb _builder_version=\u00bb4.16&#8243; _module_preset=\u00bbdefault\u00bb global_colors_info=\u00bb{}\u00bb][et_pb_image src=\u00bbhttps:\/\/gossossantmarti.org\/wp-content\/uploads\/2021\/10\/foto_transparencia1.jpg\u00bb title_text=\u00bbfoto_transparencia1&#8243; _builder_version=\u00bb4.16&#8243; _module_preset=\u00bbdefault\u00bb animation_style=\u00bbfade\u00bb border_radii=\u00bbon|20px|20px|20px|20px\u00bb global_colors_info=\u00bb{}\u00bb][\/et_pb_image][\/et_pb_column][\/et_pb_row][\/et_pb_section][et_pb_section fb_built=\u00bb1&#8243; disabled_on=\u00bboff|on|on\u00bb _builder_version=\u00bb4.16&#8243; _module_preset=\u00bbdefault\u00bb background_image=\u00bbhttps:\/\/gossossantmarti.org\/wp-content\/uploads\/2021\/10\/dog-walker-10-3-1.png\u00bb parallax=\u00bbon\u00bb global_colors_info=\u00bb{}\u00bb][et_pb_row make_equal=\u00bbon\u00bb _builder_version=\u00bb4.16&#8243; _module_preset=\u00bbdefault\u00bb global_colors_info=\u00bb{}\u00bb][et_pb_column type=\u00bb4_4&#8243; module_class=\u00bbds-vertical-align\u00bb _builder_version=\u00bb4.16&#8243; _module_preset=\u00bbdefault\u00bb global_colors_info=\u00bb{}\u00bb][et_pb_image src=\u00bbhttps:\/\/gossossantmarti.org\/wp-content\/uploads\/2021\/10\/foto_vision.jpeg\u00bb title_text=\u00bbfoto_vision\u00bb align=\u00bbcenter\u00bb _builder_version=\u00bb4.16&#8243; _module_preset=\u00bbdefault\u00bb animation_style=\u00bbfade\u00bb border_radii=\u00bbon|20px|20px|20px|20px\u00bb global_colors_info=\u00bb{}\u00bb][\/et_pb_image][et_pb_text _builder_version=\u00bb4.16&#8243; _module_preset=\u00bbdefault\u00bb text_font=\u00bbAbel||||||||\u00bb header_2_font=\u00bbAbel|||on|||||\u00bb header_2_text_align=\u00bbcenter\u00bb header_2_font_size=\u00bb50px\u00bb global_colors_info=\u00bb{}\u00bb]<\/p>\n<h2>Visi\u00f3n<\/h2>\n<p>[\/et_pb_text][et_pb_text _builder_version=\u00bb4.16&#8243; _module_preset=\u00bbdefault\u00bb text_text_color=\u00bb#333333&#8243; text_font_size=\u00bb16px\u00bb text_line_height=\u00bb1.8em\u00bb global_colors_info=\u00bb{}\u00bb]<\/p>\n<p style=\"text-align: justify;\">Contribuir a crear un mundo mejor, un mundo libre de maltrato, con tolerancia cero y en el que el abandono sea un delito.<\/p>\n<p>[\/et_pb_text][\/et_pb_column][\/et_pb_row][et_pb_row make_equal=\u00bbon\u00bb _builder_version=\u00bb4.16&#8243; _module_preset=\u00bbdefault\u00bb global_colors_info=\u00bb{}\u00bb][et_pb_column type=\u00bb4_4&#8243; module_class=\u00bbds-vertical-align\u00bb _builder_version=\u00bb4.16&#8243; _module_preset=\u00bbdefault\u00bb global_colors_info=\u00bb{}\u00bb][et_pb_image src=\u00bbhttps:\/\/gossossantmarti.org\/wp-content\/uploads\/2021\/10\/foto_mision.jpeg\u00bb title_text=\u00bbfoto_mision\u00bb _builder_version=\u00bb4.16&#8243; _module_preset=\u00bbdefault\u00bb animation_style=\u00bbfade\u00bb border_radii=\u00bbon|20px|20px|20px|20px\u00bb global_colors_info=\u00bb{}\u00bb][\/et_pb_image][et_pb_text _builder_version=\u00bb4.16&#8243; _module_preset=\u00bbdefault\u00bb text_font=\u00bbAbel||||||||\u00bb header_2_font=\u00bbAbel|||on|||||\u00bb header_2_text_align=\u00bbcenter\u00bb header_2_font_size=\u00bb50px\u00bb global_colors_info=\u00bb{}\u00bb]<\/p>\n<h2>Misi\u00f3n<\/h2>\n<p>[\/et_pb_text][et_pb_text _builder_version=\u00bb4.16&#8243; _module_preset=\u00bbdefault\u00bb text_text_color=\u00bb#333333&#8243; text_font_size=\u00bb18px\u00bb text_line_height=\u00bb1.8em\u00bb text_font_size_tablet=\u00bb\u00bb text_font_size_phone=\u00bb16px\u00bb text_font_size_last_edited=\u00bbon|phone\u00bb global_colors_info=\u00bb{}\u00bb]<\/p>\n<p style=\"text-align: justify;\">Promover el respeto, cuidado, protecci\u00f3n y buen trato a nuestros animales.<\/p>\n<p style=\"text-align: justify;\">Fomentar una conciencia de amor y respeto hacia los animales, adem\u00e1s de sensibilizar a la poblaci\u00f3n sobre los derechos de los animales. Promoviendo la tenencia responsable de animales mediante la esterilizaci\u00f3n, vacunaci\u00f3n y adopci\u00f3n de animales. <\/p>\n<p>[\/et_pb_text][\/et_pb_column][\/et_pb_row][et_pb_row make_equal=\u00bbon\u00bb _builder_version=\u00bb4.16&#8243; _module_preset=\u00bbdefault\u00bb global_colors_info=\u00bb{}\u00bb][et_pb_column type=\u00bb4_4&#8243; module_class=\u00bbds-vertical-align\u00bb _builder_version=\u00bb4.16&#8243; _module_preset=\u00bbdefault\u00bb global_colors_info=\u00bb{}\u00bb][et_pb_image src=\u00bbhttps:\/\/gossossantmarti.org\/wp-content\/uploads\/2021\/10\/foto_mision1.jpg\u00bb title_text=\u00bbfoto_mision1&#8243; _builder_version=\u00bb4.16&#8243; _module_preset=\u00bbdefault\u00bb animation_style=\u00bbfade\u00bb border_radii=\u00bbon|20px|20px|20px|20px\u00bb global_colors_info=\u00bb{}\u00bb][\/et_pb_image][et_pb_text _builder_version=\u00bb4.16&#8243; _module_preset=\u00bbdefault\u00bb text_font=\u00bbAbel||||||||\u00bb header_2_font=\u00bbAbel|||on|||||\u00bb header_2_text_align=\u00bbcenter\u00bb header_2_font_size=\u00bb50px\u00bb global_colors_info=\u00bb{}\u00bb]<\/p>\n<h2>Valores<\/h2>\n<p>[\/et_pb_text][et_pb_text _builder_version=\u00bb4.16&#8243; _module_preset=\u00bbdefault\u00bb text_text_color=\u00bb#333333&#8243; text_font_size=\u00bb18px\u00bb text_line_height=\u00bb1.8em\u00bb global_colors_info=\u00bb{}\u00bb]<\/p>\n<p style=\"text-align: justify;\">Fomentamos la participaci\u00f3n de todos los vecinos de barrio (Ciudad) y colectivos que puedan incidir y colaborar con el bienestar de nuestro parque y por supuesto nuestro barrio, y as\u00ed poder desarrollar con eficiencia cualquier actividad que emprendamos.<\/p>\n<p>[\/et_pb_text][\/et_pb_column][\/et_pb_row][et_pb_row make_equal=\u00bbon\u00bb _builder_version=\u00bb4.16&#8243; _module_preset=\u00bbdefault\u00bb global_colors_info=\u00bb{}\u00bb][et_pb_column type=\u00bb4_4&#8243; module_class=\u00bbds-vertical-align\u00bb _builder_version=\u00bb4.16&#8243; _module_preset=\u00bbdefault\u00bb global_colors_info=\u00bb{}\u00bb][et_pb_image src=\u00bbhttps:\/\/gossossantmarti.org\/wp-content\/uploads\/2021\/10\/foto_transparencia1.jpg\u00bb title_text=\u00bbfoto_transparencia1&#8243; _builder_version=\u00bb4.16&#8243; _module_preset=\u00bbdefault\u00bb animation_style=\u00bbfade\u00bb border_radii=\u00bbon|20px|20px|20px|20px\u00bb global_colors_info=\u00bb{}\u00bb][\/et_pb_image][et_pb_text _builder_version=\u00bb4.16&#8243; _module_preset=\u00bbdefault\u00bb text_font=\u00bbAbel||||||||\u00bb header_2_font=\u00bbAbel|||on|||||\u00bb header_2_text_align=\u00bbcenter\u00bb header_2_font_size=\u00bb50px\u00bb header_font_size_tablet=\u00bb\u00bb header_font_size_phone=\u00bb20px\u00bb header_font_size_last_edited=\u00bbon|phone\u00bb global_colors_info=\u00bb{}\u00bb]<\/p>\n<h2>TRANSPARENCIA<\/h2>\n<p>[\/et_pb_text][et_pb_text _builder_version=\u00bb4.16&#8243; _module_preset=\u00bbdefault\u00bb text_text_color=\u00bb#333333&#8243; text_font_size=\u00bb18px\u00bb text_line_height=\u00bb1.8em\u00bb text_orientation=\u00bbjustified\u00bb global_colors_info=\u00bb{}\u00bb]<\/p>\n<p style=\"text-align: justify;\">Compartimos p\u00fablicamente los resultados obtenidos de todas nuestras actividades realizadas.<\/p>\n<p style=\"text-align: justify;\">En nuestras redes sociales o en esta misma p\u00e1gina web podr\u00e1s encontrar las actividades que realizamos en nuestro barrio, y sus integrantes.<\/p>\n<p>[\/et_pb_text][\/et_pb_column][\/et_pb_row][\/et_pb_section]<\/p>\n","protected":false},"excerpt":{"rendered":"<p>\u00bfQui\u00e9nes somos?Somos una entidad sin \u00e1nimo de lucro, vecinos de barrio Sant Mart\u00ed de Proven\u00e7als. Un grupo de personas que compartimos el mismo cari\u00f1o y empat\u00eda por los animales, activos desde 2016 y trabajamos colaborando mutuamente con diferentes organizaciones de barrio y la ciudad. Los iniciosEn nuestros inicios empezamos con el grupo \u00abPatrulla Canina\u00bb, y [&hellip;]<\/p>\n","protected":false},"author":1,"featured_media":0,"parent":0,"menu_order":0,"comment_status":"closed","ping_status":"closed","template":"","meta":{"_et_pb_use_builder":"on","_et_pb_old_content":"","_et_gb_content_width":"","footnotes":""},"class_list":["post-1568","page","type-page","status-publish","hentry"],"_links":{"self":[{"href":"https:\/\/gossossantmarti.org\/es\/wp-json\/wp\/v2\/pages\/1568","targetHints":{"allow":["GET"]}}],"collection":[{"href":"https:\/\/gossossantmarti.org\/es\/wp-json\/wp\/v2\/pages"}],"about":[{"href":"https:\/\/gossossantmarti.org\/es\/wp-json\/wp\/v2\/types\/page"}],"author":[{"embeddable":true,"href":"https:\/\/gossossantmarti.org\/es\/wp-json\/wp\/v2\/users\/1"}],"replies":[{"embeddable":true,"href":"https:\/\/gossossantmarti.org\/es\/wp-json\/wp\/v2\/comments?post=1568"}],"version-history":[{"count":2,"href":"https:\/\/gossossantmarti.org\/es\/wp-json\/wp\/v2\/pages\/1568\/revisions"}],"predecessor-version":[{"id":1570,"href":"https:\/\/gossossantmarti.org\/es\/wp-json\/wp\/v2\/pages\/1568\/revisions\/1570"}],"wp:attachment":[{"href":"https:\/\/gossossantmarti.org\/es\/wp-json\/wp\/v2\/media?parent=1568"}],"curies":[{"name":"wp","href":"https:\/\/api.w.org\/{rel}","templated":true}]}}